{"id":1546,"date":"2017-06-09T09:15:26","date_gmt":"2017-06-09T08:15:26","guid":{"rendered":"https:\/\/prades.cat\/serveis-municipals-i-associacions\/"},"modified":"2018-01-09T18:48:07","modified_gmt":"2018-01-09T17:48:07","slug":"servicios-municipales-y-asociaciones","status":"publish","type":"page","link":"https:\/\/prades.cat\/es\/servicios-municipales-y-asociaciones\/","title":{"rendered":"Servicios municipales y asociaciones"},"content":{"rendered":"<section class=\"wpb-content-wrapper\"><p>[vc_row css_animation=\u00bb\u00bb row_type=\u00bbrow\u00bb use_row_as_full_screen_section=\u00bbno\u00bb type=\u00bbfull_width\u00bb angled_section=\u00bbno\u00bb text_align=\u00bbleft\u00bb background_image_as_pattern=\u00bbwithout_pattern\u00bb][vc_column][vc_column_text]\u00cdndice: <a class=\"scrollto\" href=\"#sb\">Servicios b\u00e1sicos<\/a> &#8211; <a class=\"scrollto\" href=\"#as\">Asociaciones<\/a><\/p>\n<h2 id=\"sb\">Servicios b\u00e1sicos<\/h2>\n<p>[\/vc_column_text][\/vc_column][\/vc_row][vc_row css_animation=\u00bb\u00bb row_type=\u00bbrow\u00bb use_row_as_full_screen_section=\u00bbno\u00bb type=\u00bbfull_width\u00bb angled_section=\u00bbno\u00bb text_align=\u00bbleft\u00bb background_image_as_pattern=\u00bbwithout_pattern\u00bb][vc_column width=\u00bb1\/3&#8243;][vc_column_text]<\/p>\n<h3>Ayuntamiento<\/h3>\n<p>Pl. Major, 2 43364 Prades<br \/>\nTelf. 977 868 018<br \/>\nFax: 977 868 197<br \/>\ninfo@prades.cat<br \/>\naj.prades@altanet.org<\/p>\n<blockquote class=\"wp-embedded-content\" data-secret=\"wv9olEGhea\"><p><a href=\"https:\/\/prades.cat\/\">Inici<\/a><\/p><\/blockquote>\n<p><iframe title=\"&#8220;Inici&#8221; &#8212; Prades\" class=\"wp-embedded-content\" sandbox=\"allow-scripts\" security=\"restricted\" style=\"position: absolute; clip: rect(1px, 1px, 1px, 1px);\" src=\"https:\/\/prades.cat\/embed\/#?secret=wv9olEGhea\" data-secret=\"wv9olEGhea\" width=\"600\" height=\"338\" frameborder=\"0\" marginwidth=\"0\" marginheight=\"0\" scrolling=\"no\"><\/iframe><\/p>\n<p><strong>Horario de atenci\u00f3n al p\u00fablico:<\/strong><\/p>\n<p>De lunes a jueves, de 8 a 15h<br \/>\nViernes, de 8 a 15h y de 16 a 18:30h[\/vc_column_text][vc_separator type=\u00bbtransparent\u00bb][\/vc_column][vc_column width=\u00bb1\/3&#8243;][vc_column_text]<\/p>\n<h3>Biblioteca Municipal<\/h3>\n<p>C. Sant Mart\u00ed, 10<br \/>\nTelf. 977 868 431<\/p>\n<p><strong>Horario de atenci\u00f3n al p\u00fablico:<\/strong><\/p>\n<p>De lunes a s\u00e1bado, de 15 a 18h[\/vc_column_text][vc_separator type=\u00bbtransparent\u00bb][\/vc_column][vc_column width=\u00bb1\/3&#8243;][vc_column_text]<\/p>\n<h3>Oficina Municipal de Turismo<\/h3>\n<p>C. Muralla, 3<br \/>\nTelf. 977 868 302<br \/>\nturisme@prades.cat<\/p>\n<p><strong>Horario de atenci\u00f3n al p\u00fablico:<\/strong><\/p>\n<p><strong>Temporada alta (del 24 de junio al 11 de septiembre):<\/strong><br \/>\nDe lunes a s\u00e1bado, de 9 a 14h y de 16 a 18h<br \/>\nDomingos y festivos, de 9 a 14h<br \/>\n<strong>Temporada baja (resto del a\u00f1o):<\/strong><br \/>\nS\u00e1bados, de 9 a 14h y de 16 a 18h<br \/>\nDomingos y festivos, de 9 a 14h[\/vc_column_text][vc_separator type=\u00bbtransparent\u00bb][\/vc_column][\/vc_row][vc_row css_animation=\u00bb\u00bb row_type=\u00bbrow\u00bb use_row_as_full_screen_section=\u00bbno\u00bb type=\u00bbfull_width\u00bb angled_section=\u00bbno\u00bb text_align=\u00bbleft\u00bb background_image_as_pattern=\u00bbwithout_pattern\u00bb][vc_column width=\u00bb1\/3&#8243;][vc_column_text]<\/p>\n<h3>Centro de Interpretaci\u00f3n de las Monta\u00f1as de Prades<\/h3>\n<p>C. Muralla, 3<br \/>\nTelf. 977 868 302<br \/>\nturisme@prades.cat<\/p>\n<p><strong>Horario de atenci\u00f3n al p\u00fablico:<\/strong><\/p>\n<p><strong>Temporada alta (del 24 de junio al 11 de septiembre)<\/strong><br \/>\nDe lunes a s\u00e1bado, de 9 a 14h y de 16 a 18h<br \/>\nDomingos y festivos, de 9 a 14h<br \/>\n<strong>Temporada baja (resto del a\u00f1o)<\/strong><br \/>\nS\u00e1bados, de 9 a 14h y de 16 a 18h<br \/>\nDomingos y festivos, de 9 a 14h<\/p>\n<p><strong>Visitas concertadas todo el a\u00f1o llamando al 977 868 302 \/ 977 868 018<\/strong>[\/vc_column_text][vc_separator type=\u00bbtransparent\u00bb][\/vc_column][vc_column width=\u00bb1\/3&#8243;][vc_column_text]<\/p>\n<h3>Consultorio M\u00e9dico<\/h3>\n<p>C. Nou del Pont, 1<br \/>\nTelf. 977 868 415[\/vc_column_text][vc_separator type=\u00bbtransparent\u00bb][\/vc_column][vc_column width=\u00bb1\/3&#8243;][vc_column_text]<\/p>\n<h3>CAP Cornudella<\/h3>\n<p>Telf. 977 821 062[\/vc_column_text][vc_separator type=\u00bbtransparent\u00bb][\/vc_column][\/vc_row][vc_row css_animation=\u00bb\u00bb row_type=\u00bbrow\u00bb use_row_as_full_screen_section=\u00bbno\u00bb type=\u00bbfull_width\u00bb angled_section=\u00bbno\u00bb text_align=\u00bbleft\u00bb background_image_as_pattern=\u00bbwithout_pattern\u00bb][vc_column width=\u00bb1\/3&#8243;][vc_column_text]<\/p>\n<h3>CEIP Serra de Prades<\/h3>\n<p>C. L&#8217;Ermita, 2<br \/>\nTelf. 977 868 011[\/vc_column_text][vc_separator type=\u00bbtransparent\u00bb][\/vc_column][vc_column width=\u00bb1\/3&#8243;][vc_column_text]<\/p>\n<h3>Parque de Bomberos Voluntarios<\/h3>\n<p>Ctra. T-700, km 21,9<br \/>\nTelf. 977 868 369[\/vc_column_text][vc_separator type=\u00bbtransparent\u00bb][\/vc_column][vc_column width=\u00bb1\/3&#8243;][\/vc_column][\/vc_row][vc_row css_animation=\u00bb\u00bb row_type=\u00bbrow\u00bb use_row_as_full_screen_section=\u00bbno\u00bb type=\u00bbfull_width\u00bb angled_section=\u00bbno\u00bb text_align=\u00bbleft\u00bb background_image_as_pattern=\u00bbwithout_pattern\u00bb][vc_column][vc_separator type=\u00bbtransparent\u00bb up=\u00bb30&#8243; down=\u00bb30&#8243;][vc_column_text]\u00cdndex: <a class=\"scrollto\" href=\"#sb\">Serveis b\u00e0sics<\/a> &#8211; \u00a0<a class=\"scrollto\" href=\"#as\">Associacions<\/a><\/p>\n<h2 id=\"as\">Asociaciones<\/h2>\n<p>[\/vc_column_text][\/vc_column][\/vc_row][vc_row css_animation=\u00bb\u00bb row_type=\u00bbrow\u00bb use_row_as_full_screen_section=\u00bbno\u00bb type=\u00bbfull_width\u00bb angled_section=\u00bbno\u00bb text_align=\u00bbleft\u00bb background_image_as_pattern=\u00bbwithout_pattern\u00bb][vc_column width=\u00bb1\/3&#8243;][vc_column_text]<\/p>\n<h3>AMPA Col\u00b7legi P\u00fablic Serra de Prades<\/h3>\n<p>C. Sant Mart\u00ed, 10[\/vc_column_text][vc_separator type=\u00bbtransparent\u00bb][\/vc_column][vc_column width=\u00bb1\/3&#8243;][vc_column_text]<\/p>\n<h3>Assemblea Nacional Catalana (ANC) Prades per la Independ\u00e8ncia<\/h3>\n<p>C. Sant Mart\u00ed, 10<br \/>\nprades@assemblea.cat[\/vc_column_text][vc_separator type=\u00bbtransparent\u00bb][\/vc_column][vc_column width=\u00bb1\/3&#8243;][vc_column_text]<\/p>\n<h3>Associaci\u00f3 d&#8217;Avis de Prades<\/h3>\n<p>C. Sant Mart\u00ed, 10[\/vc_column_text][vc_separator type=\u00bbtransparent\u00bb][\/vc_column][\/vc_row][vc_row css_animation=\u00bb\u00bb row_type=\u00bbrow\u00bb use_row_as_full_screen_section=\u00bbno\u00bb type=\u00bbfull_width\u00bb angled_section=\u00bbno\u00bb text_align=\u00bbleft\u00bb background_image_as_pattern=\u00bbwithout_pattern\u00bb][vc_column width=\u00bb1\/3&#8243;][vc_column_text]<\/p>\n<h3>Associaci\u00f3 de Concursos de Gossos d&#8217;Atura Serra de Prades<\/h3>\n<p>C. Sant Mart\u00ed, 10[\/vc_column_text][vc_separator type=\u00bbtransparent\u00bb][\/vc_column][vc_column width=\u00bb1\/3&#8243;][vc_column_text]<\/p>\n<h3>Associaci\u00f3 de Dones L&#8217;Abellera<\/h3>\n<p>C. Sant Mart\u00ed, 10<br \/>\nassdonesabellera@gmail.com[\/vc_column_text][vc_separator type=\u00bbtransparent\u00bb][\/vc_column][vc_column width=\u00bb1\/3&#8243;][vc_column_text]<\/p>\n<h3>Associaci\u00f3 de Voluntaris de la Vila Vermella<\/h3>\n<p>C. Sant Mart\u00ed, 10<br \/>\nvoluntarisprades@gmail.com[\/vc_column_text][vc_separator type=\u00bbtransparent\u00bb][\/vc_column][\/vc_row][vc_row css_animation=\u00bb\u00bb row_type=\u00bbrow\u00bb use_row_as_full_screen_section=\u00bbno\u00bb type=\u00bbfull_width\u00bb angled_section=\u00bbno\u00bb text_align=\u00bbleft\u00bb background_image_as_pattern=\u00bbwithout_pattern\u00bb][vc_column width=\u00bb1\/3&#8243;][vc_column_text]<\/p>\n<h3>Associaci\u00f3 Excursionista Birimbins<\/h3>\n<p>C. Sant Mart\u00ed, 10<br \/>\nelsbirimbins@gmail.com[\/vc_column_text][vc_separator type=\u00bbtransparent\u00bb][\/vc_column][vc_column width=\u00bb1\/3&#8243;][vc_column_text]<\/p>\n<h3>Associaci\u00f3 Gegants de Prades<\/h3>\n<p>Pla\u00e7a Major, 2<br \/>\ngegantsdeprades@prades.info[\/vc_column_text][vc_separator type=\u00bbtransparent\u00bb][\/vc_column][vc_column width=\u00bb1\/3&#8243;][vc_column_text]<\/p>\n<h3>Associaci\u00f3 Juvenil Vila Vermella<\/h3>\n<p>C. Sant Antoni, 11<br \/>\njovesprades@gmail.com[\/vc_column_text][vc_separator type=\u00bbtransparent\u00bb][\/vc_column][\/vc_row][vc_row css_animation=\u00bb\u00bb row_type=\u00bbrow\u00bb use_row_as_full_screen_section=\u00bbno\u00bb type=\u00bbfull_width\u00bb angled_section=\u00bbno\u00bb text_align=\u00bbleft\u00bb background_image_as_pattern=\u00bbwithout_pattern\u00bb][vc_column width=\u00bb1\/3&#8243;][vc_column_text]<\/p>\n<h3>Associaci\u00f3 pel Desenvolupament Rural de les Muntanyes de Prades<\/h3>\n<p>C. Sant Mart\u00ed, 10[\/vc_column_text][vc_separator type=\u00bbtransparent\u00bb][\/vc_column][vc_column width=\u00bb1\/3&#8243;][vc_column_text]<\/p>\n<h3>Club BTT Prades<\/h3>\n<p>C. Sant Mart\u00ed, 10<br \/>\nhttp:\/\/bttprades.blogspot.com.es\/[\/vc_column_text][vc_separator type=\u00bbtransparent\u00bb][\/vc_column][vc_column width=\u00bb1\/3&#8243;][vc_column_text]<\/p>\n<h3>Club Esportiu Prades O2<\/h3>\n<p>Sant Mart\u00ed, 10<br \/>\nclubesportiupradeso2@gmail.com[\/vc_column_text][vc_separator type=\u00bbtransparent\u00bb][\/vc_column][\/vc_row][vc_row css_animation=\u00bb\u00bb row_type=\u00bbrow\u00bb use_row_as_full_screen_section=\u00bbno\u00bb type=\u00bbfull_width\u00bb angled_section=\u00bbno\u00bb text_align=\u00bbleft\u00bb background_image_as_pattern=\u00bbwithout_pattern\u00bb][vc_column width=\u00bb1\/3&#8243;][vc_column_text]<\/p>\n<h3>Penya Blaugrana de les Muntanyes de Prades<\/h3>\n<p>Av. Verge de l&#8217;Abellera, 3[\/vc_column_text][vc_separator type=\u00bbtransparent\u00bb][\/vc_column][vc_column width=\u00bb1\/3&#8243;][vc_column_text]<\/p>\n<h3>Prades Cor<\/h3>\n<p>C. Sant Mart\u00ed, 10<br \/>\nhttp:\/\/www.prades-cor.org[\/vc_column_text][vc_separator type=\u00bbtransparent\u00bb][\/vc_column][vc_column width=\u00bb1\/3&#8243;][vc_column_text]<\/p>\n<h3>Societat de Ca\u00e7adors Serra de Prades<\/h3>\n<p>C. Sant Mart\u00ed, 10[\/vc_column_text][vc_separator type=\u00bbtransparent\u00bb][\/vc_column][\/vc_row][vc_row css_animation=\u00bb\u00bb row_type=\u00bbrow\u00bb use_row_as_full_screen_section=\u00bbno\u00bb type=\u00bbfull_width\u00bb angled_section=\u00bbno\u00bb text_align=\u00bbleft\u00bb background_image_as_pattern=\u00bbwithout_pattern\u00bb][vc_column][vc_separator type=\u00bbtransparent\u00bb up=\u00bb30&#8243; down=\u00bb30&#8243;][\/vc_column][\/vc_row]<\/p>\n<\/section>","protected":false},"excerpt":{"rendered":"<p>[vc_row css_animation=\u00bb\u00bb row_type=\u00bbrow\u00bb use_row_as_full_screen_section=\u00bbno\u00bb type=\u00bbfull_width\u00bb angled_section=\u00bbno\u00bb text_align=\u00bbleft\u00bb background_image_as_pattern=\u00bbwithout_pattern\u00bb][vc_column][vc_column_text]\u00cdndice: Servicios b\u00e1sicos &#8211; Asociaciones Servicios b\u00e1sicos [\/vc_column_text][\/vc_column][\/vc_row][vc_row css_animation=\u00bb\u00bb row_type=\u00bbrow\u00bb use_row_as_full_screen_section=\u00bbno\u00bb type=\u00bbfull_width\u00bb angled_section=\u00bbno\u00bb text_align=\u00bbleft\u00bb background_image_as_pattern=\u00bbwithout_pattern\u00bb][vc_column width=\u00bb1\/3&#8243;][vc_column_text] Ayuntamiento Pl. Major, 2 43364 Prades Telf. 977 868 018 Fax: 977 868 197 info@prades.cat aj.prades@altanet.org Inici Horario de atenci\u00f3n al p\u00fablico:&#8230;<\/p>\n","protected":false},"author":1,"featured_media":0,"parent":0,"menu_order":0,"comment_status":"closed","ping_status":"closed","template":"","meta":{"footnotes":""},"acf":[],"yoast_head":"<!-- This site is optimized with the Yoast SEO plugin v22.6 - https:\/\/yoast.com\/wordpress\/plugins\/seo\/ -->\n<title>Servicios municipales y asociaciones - Prades<\/title>\n<meta name=\"robots\" content=\"index, follow, max-snippet:-1, max-image-preview:large, max-video-preview:-1\" \/>\n<link rel=\"canonical\" href=\"https:\/\/prades.cat\/es\/servicios-municipales-y-asociaciones\/\" \/>\n<meta property=\"og:locale\" content=\"es_ES\" \/>\n<meta property=\"og:type\" content=\"article\" \/>\n<meta property=\"og:title\" content=\"Servicios municipales y asociaciones - Prades\" \/>\n<meta property=\"og:description\" content=\"[vc_row css_animation=\u00bb\u00bb row_type=\u00bbrow\u00bb use_row_as_full_screen_section=\u00bbno\u00bb type=\u00bbfull_width\u00bb angled_section=\u00bbno\u00bb text_align=\u00bbleft\u00bb background_image_as_pattern=\u00bbwithout_pattern\u00bb][vc_column][vc_column_text]\u00cdndice: Servicios b\u00e1sicos &#8211; Asociaciones Servicios b\u00e1sicos [\/vc_column_text][\/vc_column][\/vc_row][vc_row css_animation=\u00bb\u00bb row_type=\u00bbrow\u00bb use_row_as_full_screen_section=\u00bbno\u00bb type=\u00bbfull_width\u00bb angled_section=\u00bbno\u00bb text_align=\u00bbleft\u00bb background_image_as_pattern=\u00bbwithout_pattern\u00bb][vc_column width=\u00bb1\/3&#8243;][vc_column_text] Ayuntamiento Pl. Major, 2 43364 Prades Telf. 977 868 018 Fax: 977 868 197 info@prades.cat aj.prades@altanet.org Inici Horario de atenci\u00f3n al p\u00fablico:...\" \/>\n<meta property=\"og:url\" content=\"https:\/\/prades.cat\/es\/servicios-municipales-y-asociaciones\/\" \/>\n<meta property=\"og:site_name\" content=\"Prades\" \/>\n<meta property=\"article:modified_time\" content=\"2018-01-09T17:48:07+00:00\" \/>\n<meta name=\"twitter:card\" content=\"summary_large_image\" \/>\n<meta name=\"twitter:label1\" content=\"Tiempo de lectura\" \/>\n\t<meta name=\"twitter:data1\" content=\"6 minutos\" \/>\n<script type=\"application\/ld+json\" class=\"yoast-schema-graph\">{\"@context\":\"https:\/\/schema.org\",\"@graph\":[{\"@type\":\"WebPage\",\"@id\":\"https:\/\/prades.cat\/es\/servicios-municipales-y-asociaciones\/\",\"url\":\"https:\/\/prades.cat\/es\/servicios-municipales-y-asociaciones\/\",\"name\":\"Servicios municipales y asociaciones - Prades\",\"isPartOf\":{\"@id\":\"https:\/\/prades.cat\/es\/#website\"},\"datePublished\":\"2017-06-09T08:15:26+00:00\",\"dateModified\":\"2018-01-09T17:48:07+00:00\",\"breadcrumb\":{\"@id\":\"https:\/\/prades.cat\/es\/servicios-municipales-y-asociaciones\/#breadcrumb\"},\"inLanguage\":\"es\",\"potentialAction\":[{\"@type\":\"ReadAction\",\"target\":[\"https:\/\/prades.cat\/es\/servicios-municipales-y-asociaciones\/\"]}]},{\"@type\":\"BreadcrumbList\",\"@id\":\"https:\/\/prades.cat\/es\/servicios-municipales-y-asociaciones\/#breadcrumb\",\"itemListElement\":[{\"@type\":\"ListItem\",\"position\":1,\"name\":\"Inici\",\"item\":\"https:\/\/prades.cat\/es\/\"},{\"@type\":\"ListItem\",\"position\":2,\"name\":\"Servicios municipales y asociaciones\"}]},{\"@type\":\"WebSite\",\"@id\":\"https:\/\/prades.cat\/es\/#website\",\"url\":\"https:\/\/prades.cat\/es\/\",\"name\":\"Prades\",\"description\":\"Web de l&#039;Ajuntament de Prades\",\"potentialAction\":[{\"@type\":\"SearchAction\",\"target\":{\"@type\":\"EntryPoint\",\"urlTemplate\":\"https:\/\/prades.cat\/es\/?s={search_term_string}\"},\"query-input\":\"required name=search_term_string\"}],\"inLanguage\":\"es\"}]}<\/script>\n<!-- \/ Yoast SEO plugin. -->","yoast_head_json":{"title":"Servicios municipales y asociaciones - Prades","robots":{"index":"index","follow":"follow","max-snippet":"max-snippet:-1","max-image-preview":"max-image-preview:large","max-video-preview":"max-video-preview:-1"},"canonical":"https:\/\/prades.cat\/es\/servicios-municipales-y-asociaciones\/","og_locale":"es_ES","og_type":"article","og_title":"Servicios municipales y asociaciones - Prades","og_description":"[vc_row css_animation=\u00bb\u00bb row_type=\u00bbrow\u00bb use_row_as_full_screen_section=\u00bbno\u00bb type=\u00bbfull_width\u00bb angled_section=\u00bbno\u00bb text_align=\u00bbleft\u00bb background_image_as_pattern=\u00bbwithout_pattern\u00bb][vc_column][vc_column_text]\u00cdndice: Servicios b\u00e1sicos &#8211; Asociaciones Servicios b\u00e1sicos [\/vc_column_text][\/vc_column][\/vc_row][vc_row css_animation=\u00bb\u00bb row_type=\u00bbrow\u00bb use_row_as_full_screen_section=\u00bbno\u00bb type=\u00bbfull_width\u00bb angled_section=\u00bbno\u00bb text_align=\u00bbleft\u00bb background_image_as_pattern=\u00bbwithout_pattern\u00bb][vc_column width=\u00bb1\/3&#8243;][vc_column_text] Ayuntamiento Pl. Major, 2 43364 Prades Telf. 977 868 018 Fax: 977 868 197 info@prades.cat aj.prades@altanet.org Inici Horario de atenci\u00f3n al p\u00fablico:...","og_url":"https:\/\/prades.cat\/es\/servicios-municipales-y-asociaciones\/","og_site_name":"Prades","article_modified_time":"2018-01-09T17:48:07+00:00","twitter_card":"summary_large_image","twitter_misc":{"Tiempo de lectura":"6 minutos"},"schema":{"@context":"https:\/\/schema.org","@graph":[{"@type":"WebPage","@id":"https:\/\/prades.cat\/es\/servicios-municipales-y-asociaciones\/","url":"https:\/\/prades.cat\/es\/servicios-municipales-y-asociaciones\/","name":"Servicios municipales y asociaciones - Prades","isPartOf":{"@id":"https:\/\/prades.cat\/es\/#website"},"datePublished":"2017-06-09T08:15:26+00:00","dateModified":"2018-01-09T17:48:07+00:00","breadcrumb":{"@id":"https:\/\/prades.cat\/es\/servicios-municipales-y-asociaciones\/#breadcrumb"},"inLanguage":"es","potentialAction":[{"@type":"ReadAction","target":["https:\/\/prades.cat\/es\/servicios-municipales-y-asociaciones\/"]}]},{"@type":"BreadcrumbList","@id":"https:\/\/prades.cat\/es\/servicios-municipales-y-asociaciones\/#breadcrumb","itemListElement":[{"@type":"ListItem","position":1,"name":"Inici","item":"https:\/\/prades.cat\/es\/"},{"@type":"ListItem","position":2,"name":"Servicios municipales y asociaciones"}]},{"@type":"WebSite","@id":"https:\/\/prades.cat\/es\/#website","url":"https:\/\/prades.cat\/es\/","name":"Prades","description":"Web de l&#039;Ajuntament de Prades","potentialAction":[{"@type":"SearchAction","target":{"@type":"EntryPoint","urlTemplate":"https:\/\/prades.cat\/es\/?s={search_term_string}"},"query-input":"required name=search_term_string"}],"inLanguage":"es"}]}},"_links":{"self":[{"href":"https:\/\/prades.cat\/es\/wp-json\/wp\/v2\/pages\/1546"}],"collection":[{"href":"https:\/\/prades.cat\/es\/wp-json\/wp\/v2\/pages"}],"about":[{"href":"https:\/\/prades.cat\/es\/wp-json\/wp\/v2\/types\/page"}],"author":[{"embeddable":true,"href":"https:\/\/prades.cat\/es\/wp-json\/wp\/v2\/users\/1"}],"replies":[{"embeddable":true,"href":"https:\/\/prades.cat\/es\/wp-json\/wp\/v2\/comments?post=1546"}],"version-history":[{"count":3,"href":"https:\/\/prades.cat\/es\/wp-json\/wp\/v2\/pages\/1546\/revisions"}],"predecessor-version":[{"id":1549,"href":"https:\/\/prades.cat\/es\/wp-json\/wp\/v2\/pages\/1546\/revisions\/1549"}],"wp:attachment":[{"href":"https:\/\/prades.cat\/es\/wp-json\/wp\/v2\/media?parent=1546"}],"curies":[{"name":"wp","href":"https:\/\/api.w.org\/{rel}","templated":true}]}}